{"id":418,"date":"2026-01-08T14:46:50","date_gmt":"2026-01-08T13:46:50","guid":{"rendered":"https:\/\/soudesecolesdevarces.fr\/?page_id=418"},"modified":"2026-03-01T21:37:54","modified_gmt":"2026-03-01T20:37:54","slug":"cross-des-sources-de-varces","status":"publish","type":"page","link":"https:\/\/soudesecolesdevarces.fr\/index.php\/cross-des-sources-de-varces\/","title":{"rendered":"Cross des Sources de Varces"},"content":{"rendered":"\t\t<div data-elementor-type=\"wp-page\" data-elementor-id=\"418\" class=\"elementor elementor-418\">\n\t\t\t\t\t\t<section class=\"elementor-section elementor-top-section elementor-element elementor-element-aa4707e elementor-section-boxed elementor-section-height-default elementor-section-height-default\" data-id=\"aa4707e\" data-element_type=\"section\">\n\t\t\t\t\t\t<div class=\"elementor-container elementor-column-gap-default\">\n\t\t\t\t\t<div class=\"elementor-column elementor-col-100 elementor-top-column elementor-element elementor-element-9bcd0e9\" data-id=\"9bcd0e9\" data-element_type=\"column\">\n\t\t\t<div class=\"elementor-widget-wrap elementor-element-populated\">\n\t\t\t\t\t\t<div class=\"elementor-element elementor-element-8fa716f elementor-widget elementor-widget-heading\" data-id=\"8fa716f\" data-element_type=\"widget\" data-widget_type=\"heading.default\">\n\t\t\t\t<div class=\"elementor-widget-container\">\n\t\t\t\t\t<h2 class=\"elementor-heading-title elementor-size-default\">CROSS des Sources de Varces<\/h2>\t\t\t\t<\/div>\n\t\t\t\t<\/div>\n\t\t\t\t\t<\/div>\n\t\t<\/div>\n\t\t\t\t\t<\/div>\n\t\t<\/section>\n\t\t\t\t<section class=\"elementor-section elementor-top-section elementor-element elementor-element-ed950f9 elementor-section-boxed elementor-section-height-default elementor-section-height-default\" data-id=\"ed950f9\" data-element_type=\"section\">\n\t\t\t\t\t\t<div class=\"elementor-container elementor-column-gap-default\">\n\t\t\t\t\t<div class=\"elementor-column elementor-col-100 elementor-top-column elementor-element elementor-element-d7daf59\" data-id=\"d7daf59\" data-element_type=\"column\">\n\t\t\t<div class=\"elementor-widget-wrap elementor-element-populated\">\n\t\t\t\t\t\t<div class=\"elementor-element elementor-element-914594f elementor-widget elementor-widget-heading\" data-id=\"914594f\" data-element_type=\"widget\" data-widget_type=\"heading.default\">\n\t\t\t\t<div class=\"elementor-widget-container\">\n\t\t\t\t\t<h3 class=\"elementor-heading-title elementor-size-default\">31\u1d49 \u00e9dition \u2013 Dimanche 1\u1d49\u02b3 mars 2026<\/h3>\t\t\t\t<\/div>\n\t\t\t\t<\/div>\n\t\t\t\t\t<\/div>\n\t\t<\/div>\n\t\t\t\t\t<\/div>\n\t\t<\/section>\n\t\t\t\t<section class=\"elementor-section elementor-top-section elementor-element elementor-element-9c0ccde elementor-section-boxed elementor-section-height-default elementor-section-height-default\" data-id=\"9c0ccde\" data-element_type=\"section\">\n\t\t\t\t\t\t<div class=\"elementor-container elementor-column-gap-default\">\n\t\t\t\t\t<div class=\"elementor-column elementor-col-100 elementor-top-column elementor-element elementor-element-0d6a083\" data-id=\"0d6a083\" data-element_type=\"column\">\n\t\t\t<div class=\"elementor-widget-wrap elementor-element-populated\">\n\t\t\t\t\t\t<div class=\"elementor-element elementor-element-34afdca elementor-widget elementor-widget-text-editor\" data-id=\"34afdca\" data-element_type=\"widget\" data-widget_type=\"text-editor.default\">\n\t\t\t\t<div class=\"elementor-widget-container\">\n\t\t\t\t\t\t\t\t\t<p><strong>Les r\u00e9sultats sont en ligne!<\/strong> D\u00e9couvrez sur le site du Cross :\u00a0<\/p>\t\t\t\t\t\t\t\t<\/div>\n\t\t\t\t<\/div>\n\t\t\t\t<div class=\"elementor-element elementor-element-6c5b1a2 elementor-align-center elementor-widget elementor-widget-button\" data-id=\"6c5b1a2\" data-element_type=\"widget\" data-widget_type=\"button.default\">\n\t\t\t\t<div class=\"elementor-widget-container\">\n\t\t\t\t\t\t\t\t\t<div class=\"elementor-button-wrapper\">\n\t\t\t\t\t<a class=\"elementor-button elementor-button-link elementor-size-sm\" href=\"https:\/\/crossdessources.fr\/elementor-506\/\">\n\t\t\t\t\t\t<span class=\"elementor-button-content-wrapper\">\n\t\t\t\t\t\t<span class=\"elementor-button-icon\">\n\t\t\t\t<i aria-hidden=\"true\" class=\"far fa-hand-point-right\"><\/i>\t\t\t<\/span>\n\t\t\t\t\t\t\t\t\t<span class=\"elementor-button-text\">Voir les r\u00e9sultats 2026<\/span>\n\t\t\t\t\t<\/span>\n\t\t\t\t\t<\/a>\n\t\t\t\t<\/div>\n\t\t\t\t\t\t\t\t<\/div>\n\t\t\t\t<\/div>\n\t\t\t\t<div class=\"elementor-element elementor-element-1aa02d7 elementor-widget elementor-widget-text-editor\" data-id=\"1aa02d7\" data-element_type=\"widget\" data-widget_type=\"text-editor.default\">\n\t\t\t\t<div class=\"elementor-widget-container\">\n\t\t\t\t\t\t\t\t\t<p>Un rendez-vous sportif et convivial, ouvert \u00e0 tous, au c\u0153ur de Varces, ambiance familiale garantie !<\/p>\t\t\t\t\t\t\t\t<\/div>\n\t\t\t\t<\/div>\n\t\t\t\t\t<\/div>\n\t\t<\/div>\n\t\t\t\t\t<\/div>\n\t\t<\/section>\n\t\t\t\t<section class=\"elementor-section elementor-top-section elementor-element elementor-element-4c7fbd8 elementor-section-boxed elementor-section-height-default elementor-section-height-default\" data-id=\"4c7fbd8\" data-element_type=\"section\">\n\t\t\t\t\t\t<div class=\"elementor-container elementor-column-gap-default\">\n\t\t\t\t\t<div class=\"elementor-column elementor-col-100 elementor-top-column elementor-element elementor-element-5fd3491\" data-id=\"5fd3491\" data-element_type=\"column\">\n\t\t\t<div class=\"elementor-widget-wrap elementor-element-populated\">\n\t\t\t\t\t\t<div class=\"elementor-element elementor-element-45e3498 elementor-widget elementor-widget-text-editor\" data-id=\"45e3498\" data-element_type=\"widget\" data-widget_type=\"text-editor.default\">\n\t\t\t\t<div class=\"elementor-widget-container\">\n\t\t\t\t\t\t\t\t\t<h3>Les inscriptions sont ouvertes !<\/h3>\t\t\t\t\t\t\t\t<\/div>\n\t\t\t\t<\/div>\n\t\t\t\t\t<\/div>\n\t\t<\/div>\n\t\t\t\t\t<\/div>\n\t\t<\/section>\n\t\t\t\t<section class=\"elementor-section elementor-top-section elementor-element elementor-element-2589e55 elementor-section-boxed elementor-section-height-default elementor-section-height-default\" data-id=\"2589e55\" data-element_type=\"section\">\n\t\t\t\t\t\t<div class=\"elementor-container elementor-column-gap-default\">\n\t\t\t\t\t<div class=\"elementor-column elementor-col-50 elementor-top-column elementor-element elementor-element-0aaf415\" data-id=\"0aaf415\" data-element_type=\"column\">\n\t\t\t<div class=\"elementor-widget-wrap elementor-element-populated\">\n\t\t\t\t\t\t<div class=\"elementor-element elementor-element-4cb33a2 elementor-align-center elementor-widget elementor-widget-button\" data-id=\"4cb33a2\" data-element_type=\"widget\" data-widget_type=\"button.default\">\n\t\t\t\t<div class=\"elementor-widget-container\">\n\t\t\t\t\t\t\t\t\t<div class=\"elementor-button-wrapper\">\n\t\t\t\t\t<a class=\"elementor-button elementor-button-link elementor-size-sm\" href=\"https:\/\/www.helloasso.com\/associations\/sou-des-ecoles-laiques-de-varces\/evenements\/inscription-crioss-des-sources-2026\">\n\t\t\t\t\t\t<span class=\"elementor-button-content-wrapper\">\n\t\t\t\t\t\t\t\t\t<span class=\"elementor-button-text\">Inscriptions Courses Enfants (300\/600\/1600m)<\/span>\n\t\t\t\t\t<\/span>\n\t\t\t\t\t<\/a>\n\t\t\t\t<\/div>\n\t\t\t\t\t\t\t\t<\/div>\n\t\t\t\t<\/div>\n\t\t\t\t\t<\/div>\n\t\t<\/div>\n\t\t\t\t<div class=\"elementor-column elementor-col-50 elementor-top-column elementor-element elementor-element-27b966b\" data-id=\"27b966b\" data-element_type=\"column\">\n\t\t\t<div class=\"elementor-widget-wrap elementor-element-populated\">\n\t\t\t\t\t\t<div class=\"elementor-element elementor-element-757291f elementor-align-center elementor-widget elementor-widget-button\" data-id=\"757291f\" data-element_type=\"widget\" data-widget_type=\"button.default\">\n\t\t\t\t<div class=\"elementor-widget-container\">\n\t\t\t\t\t\t\t\t\t<div class=\"elementor-button-wrapper\">\n\t\t\t\t\t<a class=\"elementor-button elementor-button-link elementor-size-sm\" href=\"https:\/\/www.sportsnconnect.com\/calendrier-evenements\/view\/4qQgM1zTb51axfZFsBFzU4\/cross-des-sources-31-edition\">\n\t\t\t\t\t\t<span class=\"elementor-button-content-wrapper\">\n\t\t\t\t\t\t\t\t\t<span class=\"elementor-button-text\">Inscriptions Courses 5 et 10km<\/span>\n\t\t\t\t\t<\/span>\n\t\t\t\t\t<\/a>\n\t\t\t\t<\/div>\n\t\t\t\t\t\t\t\t<\/div>\n\t\t\t\t<\/div>\n\t\t\t\t\t<\/div>\n\t\t<\/div>\n\t\t\t\t\t<\/div>\n\t\t<\/section>\n\t\t\t\t<section class=\"elementor-section elementor-top-section elementor-element elementor-element-d3a70ce elementor-section-boxed elementor-section-height-default elementor-section-height-default\" data-id=\"d3a70ce\" data-element_type=\"section\">\n\t\t\t\t\t\t<div class=\"elementor-container elementor-column-gap-default\">\n\t\t\t\t\t<div class=\"elementor-column elementor-col-100 elementor-top-column elementor-element elementor-element-8267e9e\" data-id=\"8267e9e\" data-element_type=\"column\">\n\t\t\t<div class=\"elementor-widget-wrap elementor-element-populated\">\n\t\t\t\t\t\t<div class=\"elementor-element elementor-element-4acb9ec elementor-widget elementor-widget-text-editor\" data-id=\"4acb9ec\" data-element_type=\"widget\" data-widget_type=\"text-editor.default\">\n\t\t\t\t<div class=\"elementor-widget-container\">\n\t\t\t\t\t\t\t\t\t<h3 data-start=\"963\" data-end=\"997\">Le Cross des Sources de Varces<\/h3><p data-start=\"998\" data-end=\"1236\">Le Cross des Sources de Varces est une course \u00e0 pied organis\u00e9e chaque ann\u00e9e par le <strong data-start=\"1083\" data-end=\"1111\">Sou des \u00c9coles de Varces<\/strong>.<br data-start=\"1112\" data-end=\"1115\" \/>La 31\u1d49 \u00e9dition se d\u00e9roulera le <strong data-start=\"1146\" data-end=\"1172\">dimanche 1\u1d49\u02b3 mars 2026<\/strong>, avec des parcours adapt\u00e9s \u00e0 tous les \u00e2ges et tous les niveaux.<\/p><p data-start=\"1238\" data-end=\"1296\">Cet \u00e9v\u00e9nement sportif et familial rassemble chaque ann\u00e9e :<\/p><ul data-start=\"1297\" data-end=\"1392\"><li data-start=\"1297\" data-end=\"1332\"><p data-start=\"1299\" data-end=\"1332\">des enfants des \u00e9coles de Varces,<\/p><\/li><li data-start=\"1333\" data-end=\"1355\"><p data-start=\"1335\" data-end=\"1355\">des jeunes coureurs,<\/p><\/li><li data-start=\"1356\" data-end=\"1392\"><p data-start=\"1358\" data-end=\"1392\">des adultes amateurs ou confirm\u00e9s.<\/p><\/li><\/ul><p data-start=\"1394\" data-end=\"1496\">Les b\u00e9n\u00e9fices de la manifestation soutiennent les actions du <strong data-start=\"1455\" data-end=\"1473\">Sou des \u00c9coles<\/strong> au profit des enfants.<\/p>\t\t\t\t\t\t\t\t<\/div>\n\t\t\t\t<\/div>\n\t\t\t\t\t<\/div>\n\t\t<\/div>\n\t\t\t\t\t<\/div>\n\t\t<\/section>\n\t\t\t\t<section class=\"elementor-section elementor-top-section elementor-element elementor-element-2514cfc elementor-section-boxed elementor-section-height-default elementor-section-height-default\" data-id=\"2514cfc\" data-element_type=\"section\">\n\t\t\t\t\t\t<div class=\"elementor-container elementor-column-gap-default\">\n\t\t\t\t\t<div class=\"elementor-column elementor-col-100 elementor-top-column elementor-element elementor-element-64a614b\" data-id=\"64a614b\" data-element_type=\"column\">\n\t\t\t<div class=\"elementor-widget-wrap elementor-element-populated\">\n\t\t\t\t\t\t<div class=\"elementor-element elementor-element-1ef0fcb elementor-widget elementor-widget-text-editor\" data-id=\"1ef0fcb\" data-element_type=\"widget\" data-widget_type=\"text-editor.default\">\n\t\t\t\t<div class=\"elementor-widget-container\">\n\t\t\t\t\t\t\t\t\t<h3 data-start=\"1503\" data-end=\"1536\">Les Courses<\/h3><div class=\"TyagGW_tableContainer\"><div class=\"group TyagGW_tableWrapper flex w-fit flex-col-reverse\" tabindex=\"-1\"><table class=\"w-fit min-w-(--thread-content-width)\" style=\"height: 451px;\" width=\"215\" data-start=\"1561\" data-end=\"1858\"><thead data-start=\"1561\" data-end=\"1600\"><tr data-start=\"1561\" data-end=\"1600\"><th data-start=\"1561\" data-end=\"1570\" data-col-size=\"sm\">Course<\/th><th data-start=\"1570\" data-end=\"1581\" data-col-size=\"sm\">Distance<\/th><th data-start=\"1581\" data-end=\"1600\" data-col-size=\"sm\">Cat\u00e9gorie et D\u00e9part<\/th><\/tr><\/thead><tbody data-start=\"1637\" data-end=\"1858\"><tr data-start=\"1637\" data-end=\"1674\"><td data-start=\"1637\" data-end=\"1648\" data-col-size=\"sm\">Course 1<\/td><td data-start=\"1648\" data-end=\"1655\" data-col-size=\"sm\">5km \/ 10km<\/td><td data-start=\"1655\" data-end=\"1674\" data-col-size=\"sm\"><p>Toutes cat\u00e9gories (De 1930 \u00e0 2012)<\/p><p>10h00<\/p><\/td><\/tr><tr data-start=\"1675\" data-end=\"1713\"><td data-start=\"1675\" data-end=\"1686\" data-col-size=\"sm\">Course 2<\/td><td data-start=\"1686\" data-end=\"1694\" data-col-size=\"sm\">1600m<\/td><td data-start=\"1694\" data-end=\"1713\" data-col-size=\"sm\"><p>Benjamins &amp; Poussins (De 2013 \u00e0 2016 \/\/ ou CM1, CM2, 6\u00e8me, 5\u00e8me)<\/p><p>11H00<\/p><\/td><\/tr><tr data-start=\"1714\" data-end=\"1758\"><td data-start=\"1714\" data-end=\"1731\" data-col-size=\"sm\">Course 3<\/td><td data-start=\"1731\" data-end=\"1739\" data-col-size=\"sm\">300m<\/td><td data-start=\"1739\" data-end=\"1758\" data-col-size=\"sm\"><p>Baby Athl\u00e9tisme (2020 ou GS et 2021 ou MS)<\/p><p>11H15\u00a0<\/p><\/td><\/tr><tr data-start=\"1759\" data-end=\"1806\"><td data-start=\"1759\" data-end=\"1776\" data-col-size=\"sm\">Course 4<\/td><td data-start=\"1776\" data-end=\"1784\" data-col-size=\"sm\">300m<\/td><td data-start=\"1784\" data-end=\"1806\" data-col-size=\"sm\"><p>Baby Athl\u00e9tisme (2022 ou PS et 2023 ou TPS)<\/p><p>11H30\u00a0<\/p><\/td><\/tr><tr data-start=\"1807\" data-end=\"1858\"><td data-start=\"1807\" data-end=\"1824\" data-col-size=\"sm\">Course 5<\/td><td data-start=\"1824\" data-end=\"1834\" data-col-size=\"sm\">600m<\/td><td data-start=\"1834\" data-end=\"1858\" data-col-size=\"sm\"><p>\u00c9cole d\u2019Athl\u00e9tisme (2017 ou CE2 et 2018 ou CE1)<\/p><p>11H45\u00a0<\/p><\/td><\/tr><tr data-start=\"1807\" data-end=\"1858\"><td data-start=\"1807\" data-end=\"1824\" data-col-size=\"sm\">Course 6<\/td><td data-start=\"1824\" data-end=\"1834\" data-col-size=\"sm\">600m<\/td><td data-start=\"1834\" data-end=\"1858\" data-col-size=\"sm\"><p>\u00c9cole d\u2019Athl\u00e9tisme (2019 ou CP)<\/p><p>12H\u00a0<\/p><\/td><\/tr><\/tbody><\/table><\/div><\/div><p data-start=\"1860\" data-end=\"1919\">Les cat\u00e9gories sont d\u00e9finies selon l\u2019ann\u00e9e de naissance.<\/p><h4>Challenge des Sources<\/h4><p data-start=\"1952\" data-end=\"2055\"><strong>La classe ayant le plus fort taux de participation<\/strong> gagnera une r\u00e9compense (s\u00e9ance de cin\u00e9ma)<\/p>\t\t\t\t\t\t\t\t<\/div>\n\t\t\t\t<\/div>\n\t\t\t\t\t<\/div>\n\t\t<\/div>\n\t\t\t\t\t<\/div>\n\t\t<\/section>\n\t\t\t\t<section class=\"elementor-section elementor-top-section elementor-element elementor-element-b75bb9d elementor-section-boxed elementor-section-height-default elementor-section-height-default\" data-id=\"b75bb9d\" data-element_type=\"section\">\n\t\t\t\t\t\t<div class=\"elementor-container elementor-column-gap-default\">\n\t\t\t\t\t<div class=\"elementor-column elementor-col-100 elementor-top-column elementor-element elementor-element-6a4c7bc\" data-id=\"6a4c7bc\" data-element_type=\"column\">\n\t\t\t<div class=\"elementor-widget-wrap elementor-element-populated\">\n\t\t\t\t\t\t<div class=\"elementor-element elementor-element-1e68102 elementor-widget elementor-widget-text-editor\" data-id=\"1e68102\" data-element_type=\"widget\" data-widget_type=\"text-editor.default\">\n\t\t\t\t<div class=\"elementor-widget-container\">\n\t\t\t\t\t\t\t\t\t<h3 data-start=\"2062\" data-end=\"2089\">\u00a0<\/h3><h3 data-start=\"2062\" data-end=\"2089\">Inscriptions<\/h3><h5 data-start=\"2091\" data-end=\"2115\">Comment s\u2019inscrire ?<\/h5><p data-start=\"2117\" data-end=\"2141\">Plusieurs possibilit\u00e9s :<\/p><h5 data-start=\"2143\" data-end=\"2186\">\ud83d\udda5\ufe0f Inscription en ligne (recommand\u00e9e)<\/h5><ul data-start=\"2187\" data-end=\"2417\"><li data-start=\"2187\" data-end=\"2310\"><p data-start=\"2189\" data-end=\"2310\"><strong data-start=\"2189\" data-end=\"2232\">Courses enfants (300 m, 600 m, 1600 m)<\/strong><br data-start=\"2232\" data-end=\"2235\" \/>\ud83d\udc49 Inscription en ligne avant le <strong data-start=\"2270\" data-end=\"2291\">28 f\u00e9vrier \u00e0 midi<\/strong> (tarif privil\u00e9gi\u00e9)<\/p><\/li><li data-start=\"2312\" data-end=\"2417\"><p data-start=\"2314\" data-end=\"2417\"><strong data-start=\"2314\" data-end=\"2339\">Courses 5 km et 10 km<\/strong><br data-start=\"2339\" data-end=\"2342\" \/>\ud83d\udc49 Inscription en ligne avant le <strong data-start=\"2377\" data-end=\"2398\">28 f\u00e9vrier \u00e0 midi<\/strong> (tarif privil\u00e9gi\u00e9)<\/p><\/li><\/ul><h5 data-start=\"2419\" data-end=\"2445\">\ud83d\udcdd Inscription papier<\/h5><ul data-start=\"2446\" data-end=\"2582\"><li data-start=\"2446\" data-end=\"2582\"><p data-start=\"2448\" data-end=\"2582\">En d\u00e9posant le <strong data-start=\"2463\" data-end=\"2498\">bulletin d\u2019inscription compl\u00e9t\u00e9<\/strong>, accompagn\u00e9 du r\u00e8glement, dans une des bo\u00eetes aux lettres du <strong data-start=\"2564\" data-end=\"2582\">Sou des \u00c9coles<\/strong><\/p><\/li><\/ul><h5 data-start=\"2584\" data-end=\"2613\">\ud83d\udccd Inscription sur place<\/h5><ul data-start=\"2614\" data-end=\"2711\"><li data-start=\"2614\" data-end=\"2711\"><p data-start=\"2616\" data-end=\"2711\">Possible le <strong data-start=\"2628\" data-end=\"2649\">jour de la course<\/strong>, avec un <strong data-start=\"2659\" data-end=\"2680\">suppl\u00e9ment de 2 \u20ac<\/strong> pour les courses 5 km et 10 km<\/p><\/li><\/ul><div>\u00a0<\/div>\t\t\t\t\t\t\t\t<\/div>\n\t\t\t\t<\/div>\n\t\t\t\t\t<\/div>\n\t\t<\/div>\n\t\t\t\t\t<\/div>\n\t\t<\/section>\n\t\t\t\t<section class=\"elementor-section elementor-top-section elementor-element elementor-element-f9dba04 elementor-section-boxed elementor-section-height-default elementor-section-height-default\" data-id=\"f9dba04\" data-element_type=\"section\">\n\t\t\t\t\t\t<div class=\"elementor-container elementor-column-gap-default\">\n\t\t\t\t\t<div class=\"elementor-column elementor-col-50 elementor-top-column elementor-element elementor-element-3487761\" data-id=\"3487761\" data-element_type=\"column\">\n\t\t\t<div class=\"elementor-widget-wrap elementor-element-populated\">\n\t\t\t\t\t\t<div class=\"elementor-element elementor-element-1ebafb1 elementor-align-center elementor-widget elementor-widget-button\" data-id=\"1ebafb1\" data-element_type=\"widget\" data-widget_type=\"button.default\">\n\t\t\t\t<div class=\"elementor-widget-container\">\n\t\t\t\t\t\t\t\t\t<div class=\"elementor-button-wrapper\">\n\t\t\t\t\t<a class=\"elementor-button elementor-button-link elementor-size-sm\" href=\"https:\/\/www.helloasso.com\/associations\/sou-des-ecoles-laiques-de-varces\/evenements\/inscription-crioss-des-sources-2026\">\n\t\t\t\t\t\t<span class=\"elementor-button-content-wrapper\">\n\t\t\t\t\t\t\t\t\t<span class=\"elementor-button-text\">Inscriptions Courses Enfants (300\/600\/1600m)<\/span>\n\t\t\t\t\t<\/span>\n\t\t\t\t\t<\/a>\n\t\t\t\t<\/div>\n\t\t\t\t\t\t\t\t<\/div>\n\t\t\t\t<\/div>\n\t\t\t\t\t<\/div>\n\t\t<\/div>\n\t\t\t\t<div class=\"elementor-column elementor-col-50 elementor-top-column elementor-element elementor-element-33e90a8\" data-id=\"33e90a8\" data-element_type=\"column\">\n\t\t\t<div class=\"elementor-widget-wrap elementor-element-populated\">\n\t\t\t\t\t\t<div class=\"elementor-element elementor-element-eb0d761 elementor-align-center elementor-widget elementor-widget-button\" data-id=\"eb0d761\" data-element_type=\"widget\" data-widget_type=\"button.default\">\n\t\t\t\t<div class=\"elementor-widget-container\">\n\t\t\t\t\t\t\t\t\t<div class=\"elementor-button-wrapper\">\n\t\t\t\t\t<a class=\"elementor-button elementor-button-link elementor-size-sm\" href=\"https:\/\/www.sportsnconnect.com\/calendrier-evenements\/view\/4qQgM1zTb51axfZFsBFzU4\/cross-des-sources-31-edition\">\n\t\t\t\t\t\t<span class=\"elementor-button-content-wrapper\">\n\t\t\t\t\t\t\t\t\t<span class=\"elementor-button-text\">Inscriptions Courses 5 et 10km<\/span>\n\t\t\t\t\t<\/span>\n\t\t\t\t\t<\/a>\n\t\t\t\t<\/div>\n\t\t\t\t\t\t\t\t<\/div>\n\t\t\t\t<\/div>\n\t\t\t\t\t<\/div>\n\t\t<\/div>\n\t\t\t\t\t<\/div>\n\t\t<\/section>\n\t\t\t\t<section class=\"elementor-section elementor-top-section elementor-element elementor-element-0bd421b elementor-section-boxed elementor-section-height-default elementor-section-height-default\" data-id=\"0bd421b\" data-element_type=\"section\">\n\t\t\t\t\t\t<div class=\"elementor-container elementor-column-gap-default\">\n\t\t\t\t\t<div class=\"elementor-column elementor-col-100 elementor-top-column elementor-element elementor-element-8d3366d\" data-id=\"8d3366d\" data-element_type=\"column\">\n\t\t\t<div class=\"elementor-widget-wrap elementor-element-populated\">\n\t\t\t\t\t\t<div class=\"elementor-element elementor-element-a88386c elementor-widget elementor-widget-text-editor\" data-id=\"a88386c\" data-element_type=\"widget\" data-widget_type=\"text-editor.default\">\n\t\t\t\t<div class=\"elementor-widget-container\">\n\t\t\t\t\t\t\t\t\t<h5>Tarifs d\u2019inscription<\/h5><ul data-start=\"2744\" data-end=\"2891\"><li data-start=\"2744\" data-end=\"2799\"><p data-start=\"2746\" data-end=\"2799\"><strong data-start=\"2746\" data-end=\"2765\">Courses enfants<\/strong> (300 m, 600 m, 1600 m) : <strong data-start=\"2792\" data-end=\"2799\">5 \u20ac<\/strong><\/p><\/li><li data-start=\"2800\" data-end=\"2844\"><p data-start=\"2802\" data-end=\"2844\"><strong data-start=\"2802\" data-end=\"2817\">Course 5 km<\/strong> : <strong data-start=\"2820\" data-end=\"2827\">8 \u20ac<\/strong> (10 \u20ac le jour J)<\/p><\/li><li data-start=\"2845\" data-end=\"2891\"><p data-start=\"2847\" data-end=\"2891\"><strong data-start=\"2847\" data-end=\"2863\">Course 10 km<\/strong> : <strong data-start=\"2866\" data-end=\"2874\">10 \u20ac<\/strong> (12 \u20ac le jour J)<\/p><\/li><\/ul>\t\t\t\t\t\t\t\t<\/div>\n\t\t\t\t<\/div>\n\t\t\t\t\t<\/div>\n\t\t<\/div>\n\t\t\t\t\t<\/div>\n\t\t<\/section>\n\t\t\t\t<section class=\"elementor-section elementor-top-section elementor-element elementor-element-605c5d5 elementor-section-boxed elementor-section-height-default elementor-section-height-default\" data-id=\"605c5d5\" data-element_type=\"section\">\n\t\t\t\t\t\t<div class=\"elementor-container elementor-column-gap-default\">\n\t\t\t\t\t<div class=\"elementor-column elementor-col-100 elementor-top-column elementor-element elementor-element-e9a3375\" data-id=\"e9a3375\" data-element_type=\"column\">\n\t\t\t<div class=\"elementor-widget-wrap elementor-element-populated\">\n\t\t\t\t\t\t<div class=\"elementor-element elementor-element-4a655d3 elementor-widget elementor-widget-text-editor\" data-id=\"4a655d3\" data-element_type=\"widget\" data-widget_type=\"text-editor.default\">\n\t\t\t\t<div class=\"elementor-widget-container\">\n\t\t\t\t\t\t\t\t\t<h3>Buvette<\/h3><p>Sur place, au d\u00e9part comme \u00e0 l&rsquo;arriv\u00e9e une buvette vous accueille pour soutenir les coureurs comme les supporters, tout au long de la journ\u00e9e.\u00a0<\/p><p>Sal\u00e9 pour les petites faims, sucr\u00e9e pour les pauses gourmandes, boissons&#8230;<\/p>\t\t\t\t\t\t\t\t<\/div>\n\t\t\t\t<\/div>\n\t\t\t\t\t<\/div>\n\t\t<\/div>\n\t\t\t\t\t<\/div>\n\t\t<\/section>\n\t\t\t\t<section class=\"elementor-section elementor-top-section elementor-element elementor-element-4c908e4 elementor-section-boxed elementor-section-height-default elementor-section-height-default\" data-id=\"4c908e4\" data-element_type=\"section\">\n\t\t\t\t\t\t<div class=\"elementor-container elementor-column-gap-default\">\n\t\t\t\t\t<div class=\"elementor-column elementor-col-100 elementor-top-column elementor-element elementor-element-0d94a42\" data-id=\"0d94a42\" data-element_type=\"column\">\n\t\t\t<div class=\"elementor-widget-wrap elementor-element-populated\">\n\t\t\t\t\t\t<div class=\"elementor-element elementor-element-2aec2ce elementor-widget elementor-widget-text-editor\" data-id=\"2aec2ce\" data-element_type=\"widget\" data-widget_type=\"text-editor.default\">\n\t\t\t\t<div class=\"elementor-widget-container\">\n\t\t\t\t\t\t\t\t\t<h3>Informations pratiques<\/h3>\t\t\t\t\t\t\t\t<\/div>\n\t\t\t\t<\/div>\n\t\t\t\t\t<\/div>\n\t\t<\/div>\n\t\t\t\t\t<\/div>\n\t\t<\/section>\n\t\t\t\t<section class=\"elementor-section elementor-top-section elementor-element elementor-element-12fe00b elementor-section-boxed elementor-section-height-default elementor-section-height-default\" data-id=\"12fe00b\" data-element_type=\"section\">\n\t\t\t\t\t\t<div class=\"elementor-container elementor-column-gap-default\">\n\t\t\t\t\t<div class=\"elementor-column elementor-col-100 elementor-top-column elementor-element elementor-element-bb18c54\" data-id=\"bb18c54\" data-element_type=\"column\">\n\t\t\t<div class=\"elementor-widget-wrap elementor-element-populated\">\n\t\t\t\t\t\t<div class=\"elementor-element elementor-element-b2ec54c elementor-widget elementor-widget-accordion\" data-id=\"b2ec54c\" data-element_type=\"widget\" data-widget_type=\"accordion.default\">\n\t\t\t\t<div class=\"elementor-widget-container\">\n\t\t\t\t\t\t\t<div class=\"elementor-accordion\">\n\t\t\t\t\t\t\t<div class=\"elementor-accordion-item\">\n\t\t\t\t\t<div id=\"elementor-tab-title-1871\" class=\"elementor-tab-title\" data-tab=\"1\" role=\"button\" aria-controls=\"elementor-tab-content-1871\" aria-expanded=\"false\">\n\t\t\t\t\t\t\t\t\t\t\t\t\t<span class=\"elementor-accordion-icon elementor-accordion-icon-left\" aria-hidden=\"true\">\n\t\t\t\t\t\t\t\t\t\t\t\t\t\t\t<span class=\"elementor-accordion-icon-closed\"><i class=\"fas fa-plus\"><\/i><\/span>\n\t\t\t\t\t\t\t\t<span class=\"elementor-accordion-icon-opened\"><i class=\"fas fa-minus\"><\/i><\/span>\n\t\t\t\t\t\t\t\t\t\t\t\t\t\t<\/span>\n\t\t\t\t\t\t\t\t\t\t\t\t<a class=\"elementor-accordion-title\" tabindex=\"0\">D\u00e9part et Arriv\u00e9e<\/a>\n\t\t\t\t\t<\/div>\n\t\t\t\t\t<div id=\"elementor-tab-content-1871\" class=\"elementor-tab-content elementor-clearfix\" data-tab=\"1\" role=\"region\" aria-labelledby=\"elementor-tab-title-1871\"><p>Devant le Gymnase Lionel Terray \u00e0 VARCES<\/p><\/div>\n\t\t\t\t<\/div>\n\t\t\t\t\t\t\t<div class=\"elementor-accordion-item\">\n\t\t\t\t\t<div id=\"elementor-tab-title-1872\" class=\"elementor-tab-title\" data-tab=\"2\" role=\"button\" aria-controls=\"elementor-tab-content-1872\" aria-expanded=\"false\">\n\t\t\t\t\t\t\t\t\t\t\t\t\t<span class=\"elementor-accordion-icon elementor-accordion-icon-left\" aria-hidden=\"true\">\n\t\t\t\t\t\t\t\t\t\t\t\t\t\t\t<span class=\"elementor-accordion-icon-closed\"><i class=\"fas fa-plus\"><\/i><\/span>\n\t\t\t\t\t\t\t\t<span class=\"elementor-accordion-icon-opened\"><i class=\"fas fa-minus\"><\/i><\/span>\n\t\t\t\t\t\t\t\t\t\t\t\t\t\t<\/span>\n\t\t\t\t\t\t\t\t\t\t\t\t<a class=\"elementor-accordion-title\" tabindex=\"0\">Inscription et retrait des dossards<\/a>\n\t\t\t\t\t<\/div>\n\t\t\t\t\t<div id=\"elementor-tab-content-1872\" class=\"elementor-tab-content elementor-clearfix\" data-tab=\"2\" role=\"region\" aria-labelledby=\"elementor-tab-title-1872\"><p>Inscription en ligne avant le 28\/02\/2026 midi \u00e0 privil\u00e9gier, par correspondance (\u00e0 remettre dans la BAL du Sou) ou sur place \u00e0<br \/>l\u2019int\u00e9rieur de l\u2019Oriel \u00e0 partir de 8h15.<\/p><p>Retrait des dossards avec puce chronom\u00e9trable \u00e0 l\u2019Oriel <strong>\u00e0 partir de 8h15 et jusqu\u2019\u00e0 30 minutes avant le d\u00e9part.<\/strong><br \/><strong>PR\u00c9VOIR DES \u00c9PINGLES DE NOURRICE POUR ACCROCHER LES DOSSARDS<\/strong><\/p><p>Tout engagement est personnel, ferme et d\u00e9finitif, et ne peut faire l&rsquo;objet de remboursement pour quelque motif que ce soit.<\/p><p>Il n\u2019est pas demand\u00e9 de certificat m\u00e9dical de participation. <strong>Pour les adultes majeurs, Parcours Pr\u00e9vention Sant\u00e9 sur le site de<\/strong><br \/><strong>la f\u00e9d\u00e9ration fran\u00e7aise d\u2019athl\u00e9tisme\u00a0: <a href=\"https:\/\/pps.athle.fr\/\">https:\/\/pps.athle.fr\/<\/a><\/strong><br \/><strong>Pour les mineurs, il appartient aux parents de s\u2019assurer de la capacit\u00e9 de leur enfant \u00e0 participer \u00e0 cette activit\u00e9 sportive.<\/strong><\/p><\/div>\n\t\t\t\t<\/div>\n\t\t\t\t\t\t\t<div class=\"elementor-accordion-item\">\n\t\t\t\t\t<div id=\"elementor-tab-title-1873\" class=\"elementor-tab-title\" data-tab=\"3\" role=\"button\" aria-controls=\"elementor-tab-content-1873\" aria-expanded=\"false\">\n\t\t\t\t\t\t\t\t\t\t\t\t\t<span class=\"elementor-accordion-icon elementor-accordion-icon-left\" aria-hidden=\"true\">\n\t\t\t\t\t\t\t\t\t\t\t\t\t\t\t<span class=\"elementor-accordion-icon-closed\"><i class=\"fas fa-plus\"><\/i><\/span>\n\t\t\t\t\t\t\t\t<span class=\"elementor-accordion-icon-opened\"><i class=\"fas fa-minus\"><\/i><\/span>\n\t\t\t\t\t\t\t\t\t\t\t\t\t\t<\/span>\n\t\t\t\t\t\t\t\t\t\t\t\t<a class=\"elementor-accordion-title\" tabindex=\"0\">Assurance<\/a>\n\t\t\t\t\t<\/div>\n\t\t\t\t\t<div id=\"elementor-tab-content-1873\" class=\"elementor-tab-content elementor-clearfix\" data-tab=\"3\" role=\"region\" aria-labelledby=\"elementor-tab-title-1873\"><p>L\u2019organisation de la course est couverte par une assurance responsabilit\u00e9 civile souscrite aupr\u00e8s de la MAIF. <strong>Chaque coureur doit \u00eatre assur\u00e9 \u00e0 titre personnel.<\/strong><\/p><\/div>\n\t\t\t\t<\/div>\n\t\t\t\t\t\t\t<div class=\"elementor-accordion-item\">\n\t\t\t\t\t<div id=\"elementor-tab-title-1874\" class=\"elementor-tab-title\" data-tab=\"4\" role=\"button\" aria-controls=\"elementor-tab-content-1874\" aria-expanded=\"false\">\n\t\t\t\t\t\t\t\t\t\t\t\t\t<span class=\"elementor-accordion-icon elementor-accordion-icon-left\" aria-hidden=\"true\">\n\t\t\t\t\t\t\t\t\t\t\t\t\t\t\t<span class=\"elementor-accordion-icon-closed\"><i class=\"fas fa-plus\"><\/i><\/span>\n\t\t\t\t\t\t\t\t<span class=\"elementor-accordion-icon-opened\"><i class=\"fas fa-minus\"><\/i><\/span>\n\t\t\t\t\t\t\t\t\t\t\t\t\t\t<\/span>\n\t\t\t\t\t\t\t\t\t\t\t\t<a class=\"elementor-accordion-title\" tabindex=\"0\">Droit \u00e0 l\u2019image<\/a>\n\t\t\t\t\t<\/div>\n\t\t\t\t\t<div id=\"elementor-tab-content-1874\" class=\"elementor-tab-content elementor-clearfix\" data-tab=\"4\" role=\"region\" aria-labelledby=\"elementor-tab-title-1874\"><p>Des photos collectives et individuelles seront publi\u00e9es en utilisation libre de droit sur le site internet www.soudesecolesdevarces.fr et les pages Facebook du sou des \u00e9coles de Varces. Les participants en acceptent la publication.<\/p><\/div>\n\t\t\t\t<\/div>\n\t\t\t\t\t\t\t<div class=\"elementor-accordion-item\">\n\t\t\t\t\t<div id=\"elementor-tab-title-1875\" class=\"elementor-tab-title\" data-tab=\"5\" role=\"button\" aria-controls=\"elementor-tab-content-1875\" aria-expanded=\"false\">\n\t\t\t\t\t\t\t\t\t\t\t\t\t<span class=\"elementor-accordion-icon elementor-accordion-icon-left\" aria-hidden=\"true\">\n\t\t\t\t\t\t\t\t\t\t\t\t\t\t\t<span class=\"elementor-accordion-icon-closed\"><i class=\"fas fa-plus\"><\/i><\/span>\n\t\t\t\t\t\t\t\t<span class=\"elementor-accordion-icon-opened\"><i class=\"fas fa-minus\"><\/i><\/span>\n\t\t\t\t\t\t\t\t\t\t\t\t\t\t<\/span>\n\t\t\t\t\t\t\t\t\t\t\t\t<a class=\"elementor-accordion-title\" tabindex=\"0\">Organisation et Secours<\/a>\n\t\t\t\t\t<\/div>\n\t\t\t\t\t<div id=\"elementor-tab-content-1875\" class=\"elementor-tab-content elementor-clearfix\" data-tab=\"5\" role=\"region\" aria-labelledby=\"elementor-tab-title-1875\"><p>Sanitaires \u00e0 l\u2019Oriel.<\/p><p>Les concurrents s\u2019engagent \u00e0 respecter l\u2019environnement travers\u00e9, \u00e0 ne pas jeter de d\u00e9chets sur le parcours.<\/p><p>Les organisateurs se r\u00e9servent le droit de tout changement possible et souhaitable ce jour-l\u00e0, pour le bon d\u00e9roulement de l\u2019\u00e9preuve.<\/p><p>Une \u00e9quipe du secours Pontois assure le soutien sanitaire imm\u00e9diat.<\/p><p>Tous les cas litigieux seront analys\u00e9s et tranch\u00e9s par les organisateurs de l\u2019\u00e9preuve.<\/p><\/div>\n\t\t\t\t<\/div>\n\t\t\t\t\t\t\t<div class=\"elementor-accordion-item\">\n\t\t\t\t\t<div id=\"elementor-tab-title-1876\" class=\"elementor-tab-title\" data-tab=\"6\" role=\"button\" aria-controls=\"elementor-tab-content-1876\" aria-expanded=\"false\">\n\t\t\t\t\t\t\t\t\t\t\t\t\t<span class=\"elementor-accordion-icon elementor-accordion-icon-left\" aria-hidden=\"true\">\n\t\t\t\t\t\t\t\t\t\t\t\t\t\t\t<span class=\"elementor-accordion-icon-closed\"><i class=\"fas fa-plus\"><\/i><\/span>\n\t\t\t\t\t\t\t\t<span class=\"elementor-accordion-icon-opened\"><i class=\"fas fa-minus\"><\/i><\/span>\n\t\t\t\t\t\t\t\t\t\t\t\t\t\t<\/span>\n\t\t\t\t\t\t\t\t\t\t\t\t<a class=\"elementor-accordion-title\" tabindex=\"0\">R\u00e9compenses (d\u00e8s 13h00)<\/a>\n\t\t\t\t\t<\/div>\n\t\t\t\t\t<div id=\"elementor-tab-content-1876\" class=\"elementor-tab-content elementor-clearfix\" data-tab=\"6\" role=\"region\" aria-labelledby=\"elementor-tab-title-1876\"><p>Des coupes et des lots seront remis aux 3 premiers hommes et femmes des courses 5 et 10 km.<br \/>Une coupe sera remise au premier et \u00e0 la premi\u00e8re de chaque classe d\u2019\u00e2ge de 2012 \u00e0 2021 inclus.<br \/>Une m\u00e9daille sera offerte \u00e0 tout arrivant des courses enfants.<\/p><\/div>\n\t\t\t\t<\/div>\n\t\t\t\t\t\t\t<div class=\"elementor-accordion-item\">\n\t\t\t\t\t<div id=\"elementor-tab-title-1877\" class=\"elementor-tab-title\" data-tab=\"7\" role=\"button\" aria-controls=\"elementor-tab-content-1877\" aria-expanded=\"false\">\n\t\t\t\t\t\t\t\t\t\t\t\t\t<span class=\"elementor-accordion-icon elementor-accordion-icon-left\" aria-hidden=\"true\">\n\t\t\t\t\t\t\t\t\t\t\t\t\t\t\t<span class=\"elementor-accordion-icon-closed\"><i class=\"fas fa-plus\"><\/i><\/span>\n\t\t\t\t\t\t\t\t<span class=\"elementor-accordion-icon-opened\"><i class=\"fas fa-minus\"><\/i><\/span>\n\t\t\t\t\t\t\t\t\t\t\t\t\t\t<\/span>\n\t\t\t\t\t\t\t\t\t\t\t\t<a class=\"elementor-accordion-title\" tabindex=\"0\">R\u00e9sultats<\/a>\n\t\t\t\t\t<\/div>\n\t\t\t\t\t<div id=\"elementor-tab-content-1877\" class=\"elementor-tab-content elementor-clearfix\" data-tab=\"7\" role=\"region\" aria-labelledby=\"elementor-tab-title-1877\"><p>Ils seront publi\u00e9s sur le site\u00a0<a href=\"http:\/\/www.soudesecolesdevarces.fr\">http:\/\/www.soudesecolesdevarces.fr<\/a> et sur le site <a href=\"http:\/\/sportsnconnect.com\">http:\/\/sportsnconnect.com<\/a><\/p><\/div>\n\t\t\t\t<\/div>\n\t\t\t\t\t\t\t<div class=\"elementor-accordion-item\">\n\t\t\t\t\t<div id=\"elementor-tab-title-1878\" class=\"elementor-tab-title\" data-tab=\"8\" role=\"button\" aria-controls=\"elementor-tab-content-1878\" aria-expanded=\"false\">\n\t\t\t\t\t\t\t\t\t\t\t\t\t<span class=\"elementor-accordion-icon elementor-accordion-icon-left\" aria-hidden=\"true\">\n\t\t\t\t\t\t\t\t\t\t\t\t\t\t\t<span class=\"elementor-accordion-icon-closed\"><i class=\"fas fa-plus\"><\/i><\/span>\n\t\t\t\t\t\t\t\t<span class=\"elementor-accordion-icon-opened\"><i class=\"fas fa-minus\"><\/i><\/span>\n\t\t\t\t\t\t\t\t\t\t\t\t\t\t<\/span>\n\t\t\t\t\t\t\t\t\t\t\t\t<a class=\"elementor-accordion-title\" tabindex=\"0\">Renseignements compl\u00e9mentaires<\/a>\n\t\t\t\t\t<\/div>\n\t\t\t\t\t<div id=\"elementor-tab-content-1878\" class=\"elementor-tab-content elementor-clearfix\" data-tab=\"8\" role=\"region\" aria-labelledby=\"elementor-tab-title-1878\"><p>Envoyez un courriel \u00e0 : <a href=\"mailto:bureaudusoudevarces@gmail.com\">bureaudusoudevarces@gmail.com<\/a><\/p><\/div>\n\t\t\t\t<\/div>\n\t\t\t\t\t\t\t\t<\/div>\n\t\t\t\t\t\t<\/div>\n\t\t\t\t<\/div>\n\t\t\t\t\t<\/div>\n\t\t<\/div>\n\t\t\t\t\t<\/div>\n\t\t<\/section>\n\t\t\t\t<section class=\"elementor-section elementor-top-section elementor-element elementor-element-8d89f6b elementor-section-boxed elementor-section-height-default elementor-section-height-default\" data-id=\"8d89f6b\" data-element_type=\"section\">\n\t\t\t\t\t\t<div class=\"elementor-container elementor-column-gap-default\">\n\t\t\t\t\t<div class=\"elementor-column elementor-col-100 elementor-top-column elementor-element elementor-element-6373204\" data-id=\"6373204\" data-element_type=\"column\">\n\t\t\t<div class=\"elementor-widget-wrap elementor-element-populated\">\n\t\t\t\t\t\t<div class=\"elementor-element elementor-element-91859ee elementor-widget elementor-widget-text-editor\" data-id=\"91859ee\" data-element_type=\"widget\" data-widget_type=\"text-editor.default\">\n\t\t\t\t<div class=\"elementor-widget-container\">\n\t\t\t\t\t\t\t\t\t<h3>Trac\u00e9 des parcours 5 et 10km<\/h3>\t\t\t\t\t\t\t\t<\/div>\n\t\t\t\t<\/div>\n\t\t\t\t\t<\/div>\n\t\t<\/div>\n\t\t\t\t\t<\/div>\n\t\t<\/section>\n\t\t\t\t<section class=\"elementor-section elementor-top-section elementor-element elementor-element-87829ba elementor-section-boxed elementor-section-height-default elementor-section-height-default\" data-id=\"87829ba\" data-element_type=\"section\">\n\t\t\t\t\t\t<div class=\"elementor-container elementor-column-gap-default\">\n\t\t\t\t\t<div class=\"elementor-column elementor-col-50 elementor-top-column elementor-element elementor-element-8956d8c\" data-id=\"8956d8c\" data-element_type=\"column\">\n\t\t\t<div class=\"elementor-widget-wrap elementor-element-populated\">\n\t\t\t\t\t\t<div class=\"elementor-element elementor-element-771129f elementor-widget__width-initial elementor-widget elementor-widget-image\" data-id=\"771129f\" data-element_type=\"widget\" data-widget_type=\"image.default\">\n\t\t\t\t<div class=\"elementor-widget-container\">\n\t\t\t\t\t\t\t\t\t\t\t\t<figure class=\"wp-caption\">\n\t\t\t\t\t\t\t\t\t\t<img fetchpriority=\"high\" decoding=\"async\" width=\"724\" height=\"963\" src=\"https:\/\/soudesecolesdevarces.fr\/wp-content\/uploads\/2026\/01\/5km.png\" class=\"attachment-large size-large wp-image-427\" alt=\"\" srcset=\"https:\/\/soudesecolesdevarces.fr\/wp-content\/uploads\/2026\/01\/5km.png 724w, https:\/\/soudesecolesdevarces.fr\/wp-content\/uploads\/2026\/01\/5km-226x300.png 226w\" sizes=\"(max-width: 724px) 100vw, 724px\" \/>\t\t\t\t\t\t\t\t\t\t\t<figcaption class=\"widget-image-caption wp-caption-text\">Parcours 5km<\/figcaption>\n\t\t\t\t\t\t\t\t\t\t<\/figure>\n\t\t\t\t\t\t\t\t\t<\/div>\n\t\t\t\t<\/div>\n\t\t\t\t\t<\/div>\n\t\t<\/div>\n\t\t\t\t<div class=\"elementor-column elementor-col-50 elementor-top-column elementor-element elementor-element-ee71127\" data-id=\"ee71127\" data-element_type=\"column\">\n\t\t\t<div class=\"elementor-widget-wrap elementor-element-populated\">\n\t\t\t\t\t\t<div class=\"elementor-element elementor-element-0805b24 elementor-widget__width-initial elementor-widget elementor-widget-image\" data-id=\"0805b24\" data-element_type=\"widget\" data-widget_type=\"image.default\">\n\t\t\t\t<div class=\"elementor-widget-container\">\n\t\t\t\t\t\t\t\t\t\t\t\t<figure class=\"wp-caption\">\n\t\t\t\t\t\t\t\t\t\t<img decoding=\"async\" src=\"https:\/\/soudesecolesdevarces.fr\/wp-content\/uploads\/2026\/01\/10-km.png\" title=\"10 km\" alt=\"10 km\" loading=\"lazy\" \/>\t\t\t\t\t\t\t\t\t\t\t<figcaption class=\"widget-image-caption wp-caption-text\">Parcours 10km<\/figcaption>\n\t\t\t\t\t\t\t\t\t\t<\/figure>\n\t\t\t\t\t\t\t\t\t<\/div>\n\t\t\t\t<\/div>\n\t\t\t\t\t<\/div>\n\t\t<\/div>\n\t\t\t\t\t<\/div>\n\t\t<\/section>\n\t\t\t\t<\/div>\n\t\t","protected":false},"excerpt":{"rendered":"<p>CROSS des Sources de Varces 31\u1d49 \u00e9dition \u2013 Dimanche 1\u1d49\u02b3 mars 2026 Les r\u00e9sultats sont en ligne! D\u00e9couvrez sur le site du Cross :\u00a0 Voir les r\u00e9sultats 2026 Un rendez-vous sportif et convivial, ouvert \u00e0 tous, au c\u0153ur de Varces, ambiance familiale garantie ! Les inscriptions sont ouvertes ! Inscriptions Courses Enfants (300\/600\/1600m) Inscriptions Courses [&hellip;]<\/p>\n","protected":false},"author":2,"featured_media":0,"parent":0,"menu_order":0,"comment_status":"closed","ping_status":"closed","template":"","meta":{"footnotes":""},"class_list":["post-418","page","type-page","status-publish","hentry"],"_links":{"self":[{"href":"https:\/\/soudesecolesdevarces.fr\/index.php\/wp-json\/wp\/v2\/pages\/418","targetHints":{"allow":["GET"]}}],"collection":[{"href":"https:\/\/soudesecolesdevarces.fr\/index.php\/wp-json\/wp\/v2\/pages"}],"about":[{"href":"https:\/\/soudesecolesdevarces.fr\/index.php\/wp-json\/wp\/v2\/types\/page"}],"author":[{"embeddable":true,"href":"https:\/\/soudesecolesdevarces.fr\/index.php\/wp-json\/wp\/v2\/users\/2"}],"replies":[{"embeddable":true,"href":"https:\/\/soudesecolesdevarces.fr\/index.php\/wp-json\/wp\/v2\/comments?post=418"}],"version-history":[{"count":28,"href":"https:\/\/soudesecolesdevarces.fr\/index.php\/wp-json\/wp\/v2\/pages\/418\/revisions"}],"predecessor-version":[{"id":463,"href":"https:\/\/soudesecolesdevarces.fr\/index.php\/wp-json\/wp\/v2\/pages\/418\/revisions\/463"}],"wp:attachment":[{"href":"https:\/\/soudesecolesdevarces.fr\/index.php\/wp-json\/wp\/v2\/media?parent=418"}],"curies":[{"name":"wp","href":"https:\/\/api.w.org\/{rel}","templated":true}]}}